{"id":1300,"date":"2026-01-12T14:49:24","date_gmt":"2026-01-12T13:49:24","guid":{"rendered":"https:\/\/www.wuerthleasing.ch\/postes-vacants\/"},"modified":"2026-03-20T13:56:28","modified_gmt":"2026-03-20T12:56:28","slug":"postes-vacants","status":"publish","type":"page","link":"https:\/\/www.wuerthleasing.ch\/fr\/a-propos-de-nous\/postes-vacants\/","title":{"rendered":"Postes vacants"},"content":{"rendered":"\n<div class=\"wp-block-group is-style-cs-size-1\"><div class=\"wp-block-group__inner-container is-layout-constrained wp-block-group-is-layout-constrained\">\n<div class=\"wp-block-columns is-style-cs-cols-content-50-50 is-layout-flex wp-container-core-columns-is-layout-9d6595d7 wp-block-columns-is-layout-flex\">\n<div class=\"wp-block-column is-layout-flow wp-block-column-is-layout-flow\">\n<h1 class=\"wp-block-heading is-style-cs-pre-heading\">Carri\u00e8re<\/h1>\n\n\n\n<p class=\"has-text-align-left is-style-cs-h1\"><strong><strong>Fa\u00e7onnez l\u2019avenir avec nous<\/strong><\/strong>.<\/p>\n\n\n\n<p>W\u00fcrth Leasing incarne l&rsquo;expertise, la responsabilit\u00e9 et des solutions de financement durables dans le leasing de biens d&rsquo;investissement. Nous recherchons des sp\u00e9cialistes qualifi\u00e9s dans le domaine du leasing, pr\u00eats \u00e0 assumer des responsabilit\u00e9s et \u00e0 mettre en \u0153uvre des solutions de financement durables avec exp\u00e9rience, vision et engagement. <\/p>\n\n\n\n<p>Chez nous, des sp\u00e9cialistes reconnus travaillent dans un environnement aux circuits d\u00e9cisionnels courts, avec une grande autonomie et une collaboration directe.<\/p>\n<\/div>\n\n\n\n<div class=\"wp-block-column is-layout-flow wp-block-column-is-layout-flow\">\n<figure class=\"wp-block-image size-full is-style-cs-img-mask-1\"><img loading=\"lazy\" decoding=\"async\" width=\"1600\" height=\"1067\" src=\"https:\/\/www.wuerthleasing.ch\/wp-content\/uploads\/2026\/02\/wuerth-leasing-office-zuerich.webp\" alt=\"\" class=\"wp-image-657\" srcset=\"https:\/\/www.wuerthleasing.ch\/wp-content\/uploads\/2026\/02\/wuerth-leasing-office-zuerich.webp 1600w, https:\/\/www.wuerthleasing.ch\/wp-content\/uploads\/2026\/02\/wuerth-leasing-office-zuerich-1100x734.webp 1100w, https:\/\/www.wuerthleasing.ch\/wp-content\/uploads\/2026\/02\/wuerth-leasing-office-zuerich-1536x1024.webp 1536w\" sizes=\"auto, (max-width: 1600px) 100vw, 1600px\" \/><\/figure>\n<\/div>\n<\/div>\n<\/div><\/div>\n\n<section class=\"wp-block-group is-style-cs-size-1\"><div class=\"wp-block-group__inner-container is-layout-constrained wp-block-group-is-layout-constrained\">\n<h2 class=\"wp-block-heading is-style-cs-pre-heading\">Offres d&#8217;emploi<\/h2>\n\n\n\n<p class=\"is-style-cs-h2\"><strong>Offres d&#8217;emploi actuelles<\/strong><\/p>\n\n\n\n<p>Vous trouverez ici nos postes vacants.<\/p>\n\n\n<div class=\"wp-block-columns is-style-cs-cols-2 is-list-jobs is-layout-flex wp-block-columns-is-layout-flex\">\n<div class=\"wp-block-column has-keycol-b-background-color has-background is-layout-flow wp-block-column-is-layout-flow\">\n\n\t<div class=\"wp-block-group is-style-cs-job-item\">\n        <div class=\"wp-block-group__inner-container is-layout-constrained wp-block-group-is-layout-constrained\">\n\n            <h3 class=\"wp-block-heading\">\n                                    <a href=\"https:\/\/www.wuerthleasing.ch\/wp-content\/uploads\/2026\/02\/Stellenbeschreibung-Leasingspezialist-im-Aussendienst_Tessin-IT_1.pdf\" target=\"_self\">\n                    \n            Consulente leasing &#8211; Servizio esterno Ticino (h\/f\/d)            <\/a>\n            <\/h3>\n\n            \n<p>Sede di lavoro : <strong>Regione Ticino con possibilit\u00e0 di home office<\/strong>, 80 &#8211; 100 % Contratto a tempo indeterminato, <strong>Da concordare<\/strong><\/p>\n\n<p><\/p>\n\n        <\/div>        \n\t<\/div>\n\t\n<\/div>\n<\/div>\n\n\n\n<p>Si aucun poste correspondant n\u2019est actuellement publi\u00e9, nous nous r\u00e9jouissons n\u00e9anmoins de recevoir votre <strong>candidature spontan\u00e9e<\/strong>, en particulier de la part de sp\u00e9cialistes exp\u00e9riment\u00e9s disposant d\u2019une solide expertise en <strong>leasing de biens d\u2019investissement<\/strong>. Nous examinerons volontiers votre profil avec discr\u00e9tion et soin. <\/p>\n\n\n\n<p><strong>Veuillez envoyer votre dossier de candidature \u00e0 :<\/strong><\/p>\n\n\n\n<div class=\"wp-block-buttons is-layout-flex wp-block-buttons-is-layout-flex\">\n<div class=\"wp-block-button\"><a class=\"wp-block-button__link wp-element-button\" href=\"mailto:jobs@wuerthleasing.ch\">jobs@wuerthleasing.ch<\/a><\/div>\n<\/div>\n\n\n\n<div style=\"height:var(--wp--preset--spacing--50)\" aria-hidden=\"true\" class=\"wp-block-spacer\"><\/div>\n\n\n\n<h4 class=\"wp-block-heading\">Collaboration avec des agences de recrutement<\/h4>\n\n\n\n<p>Pour certains mandats, nous collaborons avec des agences de recrutement sp\u00e9cialis\u00e9es. Les dossiers transmis par des agences ne sont pris en compte <strong>qu\u2019apr\u00e8s concertation pr\u00e9alable<\/strong>. <\/p>\n<\/div><\/section>\n","protected":false},"excerpt":{"rendered":"<p>Carri\u00e8re Fa\u00e7onnez l\u2019avenir avec nous. W\u00fcrth Leasing incarne l&rsquo;expertise, la responsabilit\u00e9 et des solutions de financement durables dans le leasing de biens d&rsquo;investissement. Nous recherchons des sp\u00e9cialistes qualifi\u00e9s dans le domaine du&hellip;<\/p>\n","protected":false},"author":1,"featured_media":0,"parent":1315,"menu_order":500,"comment_status":"closed","ping_status":"closed","template":"","meta":{"_acf_changed":false,"content-type":"","footnotes":""},"class_list":["post-1300","page","type-page","status-publish","hentry"],"acf":[],"yoast_head":"<!-- This site is optimized with the Yoast SEO plugin v27.1.1 - https:\/\/yoast.com\/product\/yoast-seo-wordpress\/ -->\n<title>Postes vacants | W\u00fcrth Leasing Suisse | Zurich<\/title>\n<meta name=\"description\" content=\"Nous recherchons des sp\u00e9cialistes qualifi\u00e9s dans le domaine du leasing, pr\u00eats \u00e0 assumer des responsabilit\u00e9s et \u00e0 fa\u00e7onner lavenir avec exp\u00e9rience, vision et engagement.\" \/>\n<meta name=\"robots\" content=\"index, follow, max-snippet:-1, max-image-preview:large, max-video-preview:-1\" \/>\n<link rel=\"canonical\" href=\"https:\/\/www.wuerthleasing.ch\/fr\/a-propos-de-nous\/postes-vacants\/\" \/>\n<meta property=\"og:locale\" content=\"fr_FR\" \/>\n<meta property=\"og:type\" content=\"article\" \/>\n<meta property=\"og:title\" content=\"Postes vacants | W\u00fcrth Leasing Suisse | Zurich\" \/>\n<meta property=\"og:description\" content=\"Nous recherchons des sp\u00e9cialistes qualifi\u00e9s dans le domaine du leasing, pr\u00eats \u00e0 assumer des responsabilit\u00e9s et \u00e0 fa\u00e7onner lavenir avec exp\u00e9rience, vision et engagement.\" \/>\n<meta property=\"og:url\" content=\"https:\/\/www.wuerthleasing.ch\/fr\/a-propos-de-nous\/postes-vacants\/\" \/>\n<meta property=\"og:site_name\" content=\"W\u00fcrth Leasing\" \/>\n<meta property=\"article:modified_time\" content=\"2026-03-20T12:56:28+00:00\" \/>\n<meta property=\"og:image\" content=\"https:\/\/www.wuerthleasing.ch\/wp-content\/uploads\/2026\/02\/wuerth-leasing-office-zuerich.webp\" \/>\n\t<meta property=\"og:image:width\" content=\"1600\" \/>\n\t<meta property=\"og:image:height\" content=\"1067\" \/>\n\t<meta property=\"og:image:type\" content=\"image\/webp\" \/>\n<meta name=\"twitter:card\" content=\"summary_large_image\" \/>\n<script type=\"application\/ld+json\" class=\"yoast-schema-graph\">{\"@context\":\"https:\/\/schema.org\",\"@graph\":[{\"@type\":\"WebPage\",\"@id\":\"https:\/\/www.wuerthleasing.ch\/fr\/a-propos-de-nous\/postes-vacants\/\",\"url\":\"https:\/\/www.wuerthleasing.ch\/fr\/a-propos-de-nous\/postes-vacants\/\",\"name\":\"Postes vacants | W\u00fcrth Leasing Suisse | Zurich\",\"isPartOf\":{\"@id\":\"https:\/\/www.wuerthleasing.ch\/fr\/#website\"},\"primaryImageOfPage\":{\"@id\":\"https:\/\/www.wuerthleasing.ch\/fr\/a-propos-de-nous\/postes-vacants\/#primaryimage\"},\"image\":{\"@id\":\"https:\/\/www.wuerthleasing.ch\/fr\/a-propos-de-nous\/postes-vacants\/#primaryimage\"},\"thumbnailUrl\":\"https:\/\/www.wuerthleasing.ch\/wp-content\/uploads\/2026\/02\/wuerth-leasing-office-zuerich.webp\",\"datePublished\":\"2026-01-12T13:49:24+00:00\",\"dateModified\":\"2026-03-20T12:56:28+00:00\",\"description\":\"Nous recherchons des sp\u00e9cialistes qualifi\u00e9s dans le domaine du leasing, pr\u00eats \u00e0 assumer des responsabilit\u00e9s et \u00e0 fa\u00e7onner lavenir avec exp\u00e9rience, vision et engagement.\",\"breadcrumb\":{\"@id\":\"https:\/\/www.wuerthleasing.ch\/fr\/a-propos-de-nous\/postes-vacants\/#breadcrumb\"},\"inLanguage\":\"fr-FR\",\"potentialAction\":[{\"@type\":\"ReadAction\",\"target\":[\"https:\/\/www.wuerthleasing.ch\/fr\/a-propos-de-nous\/postes-vacants\/\"]}]},{\"@type\":\"ImageObject\",\"inLanguage\":\"fr-FR\",\"@id\":\"https:\/\/www.wuerthleasing.ch\/fr\/a-propos-de-nous\/postes-vacants\/#primaryimage\",\"url\":\"https:\/\/www.wuerthleasing.ch\/wp-content\/uploads\/2026\/02\/wuerth-leasing-office-zuerich.webp\",\"contentUrl\":\"https:\/\/www.wuerthleasing.ch\/wp-content\/uploads\/2026\/02\/wuerth-leasing-office-zuerich.webp\"},{\"@type\":\"BreadcrumbList\",\"@id\":\"https:\/\/www.wuerthleasing.ch\/fr\/a-propos-de-nous\/postes-vacants\/#breadcrumb\",\"itemListElement\":[{\"@type\":\"ListItem\",\"position\":1,\"name\":\"Home\",\"item\":\"https:\/\/www.wuerthleasing.ch\/fr\/\"},{\"@type\":\"ListItem\",\"position\":2,\"name\":\"\u00c0 propos de nous\",\"item\":\"https:\/\/www.wuerthleasing.ch\/fr\/ueber-uns\/\"},{\"@type\":\"ListItem\",\"position\":3,\"name\":\"Postes vacants\"}]},{\"@type\":\"WebSite\",\"@id\":\"https:\/\/www.wuerthleasing.ch\/fr\/#website\",\"url\":\"https:\/\/www.wuerthleasing.ch\/fr\/\",\"name\":\"W\u00fcrth Leasing\",\"description\":\"\",\"publisher\":{\"@id\":\"https:\/\/www.wuerthleasing.ch\/fr\/#organization\"},\"potentialAction\":[{\"@type\":\"SearchAction\",\"target\":{\"@type\":\"EntryPoint\",\"urlTemplate\":\"https:\/\/www.wuerthleasing.ch\/fr\/?s={search_term_string}\"},\"query-input\":{\"@type\":\"PropertyValueSpecification\",\"valueRequired\":true,\"valueName\":\"search_term_string\"}}],\"inLanguage\":\"fr-FR\"},{\"@type\":\"Organization\",\"@id\":\"https:\/\/www.wuerthleasing.ch\/fr\/#organization\",\"name\":\"W\u00fcrth Leasing\",\"url\":\"https:\/\/www.wuerthleasing.ch\/fr\/\",\"logo\":{\"@type\":\"ImageObject\",\"inLanguage\":\"fr-FR\",\"@id\":\"https:\/\/www.wuerthleasing.ch\/fr\/#\/schema\/logo\/image\/\",\"url\":\"https:\/\/www.wuerthleasing.ch\/wp-content\/uploads\/2026\/03\/wuerth-leasing-logo.png\",\"contentUrl\":\"https:\/\/www.wuerthleasing.ch\/wp-content\/uploads\/2026\/03\/wuerth-leasing-logo.png\",\"width\":598,\"height\":63,\"caption\":\"W\u00fcrth Leasing\"},\"image\":{\"@id\":\"https:\/\/www.wuerthleasing.ch\/fr\/#\/schema\/logo\/image\/\"},\"sameAs\":[\"https:\/\/linkedin.com\/company\/wrth-leasing-ag\"]}]}<\/script>\n<!-- \/ Yoast SEO plugin. -->","yoast_head_json":{"title":"Postes vacants | W\u00fcrth Leasing Suisse | Zurich","description":"Nous recherchons des sp\u00e9cialistes qualifi\u00e9s dans le domaine du leasing, pr\u00eats \u00e0 assumer des responsabilit\u00e9s et \u00e0 fa\u00e7onner lavenir avec exp\u00e9rience, vision et engagement.","robots":{"index":"index","follow":"follow","max-snippet":"max-snippet:-1","max-image-preview":"max-image-preview:large","max-video-preview":"max-video-preview:-1"},"canonical":"https:\/\/www.wuerthleasing.ch\/fr\/a-propos-de-nous\/postes-vacants\/","og_locale":"fr_FR","og_type":"article","og_title":"Postes vacants | W\u00fcrth Leasing Suisse | Zurich","og_description":"Nous recherchons des sp\u00e9cialistes qualifi\u00e9s dans le domaine du leasing, pr\u00eats \u00e0 assumer des responsabilit\u00e9s et \u00e0 fa\u00e7onner lavenir avec exp\u00e9rience, vision et engagement.","og_url":"https:\/\/www.wuerthleasing.ch\/fr\/a-propos-de-nous\/postes-vacants\/","og_site_name":"W\u00fcrth Leasing","article_modified_time":"2026-03-20T12:56:28+00:00","og_image":[{"width":1600,"height":1067,"url":"https:\/\/www.wuerthleasing.ch\/wp-content\/uploads\/2026\/02\/wuerth-leasing-office-zuerich.webp","type":"image\/webp"}],"twitter_card":"summary_large_image","schema":{"@context":"https:\/\/schema.org","@graph":[{"@type":"WebPage","@id":"https:\/\/www.wuerthleasing.ch\/fr\/a-propos-de-nous\/postes-vacants\/","url":"https:\/\/www.wuerthleasing.ch\/fr\/a-propos-de-nous\/postes-vacants\/","name":"Postes vacants | W\u00fcrth Leasing Suisse | Zurich","isPartOf":{"@id":"https:\/\/www.wuerthleasing.ch\/fr\/#website"},"primaryImageOfPage":{"@id":"https:\/\/www.wuerthleasing.ch\/fr\/a-propos-de-nous\/postes-vacants\/#primaryimage"},"image":{"@id":"https:\/\/www.wuerthleasing.ch\/fr\/a-propos-de-nous\/postes-vacants\/#primaryimage"},"thumbnailUrl":"https:\/\/www.wuerthleasing.ch\/wp-content\/uploads\/2026\/02\/wuerth-leasing-office-zuerich.webp","datePublished":"2026-01-12T13:49:24+00:00","dateModified":"2026-03-20T12:56:28+00:00","description":"Nous recherchons des sp\u00e9cialistes qualifi\u00e9s dans le domaine du leasing, pr\u00eats \u00e0 assumer des responsabilit\u00e9s et \u00e0 fa\u00e7onner lavenir avec exp\u00e9rience, vision et engagement.","breadcrumb":{"@id":"https:\/\/www.wuerthleasing.ch\/fr\/a-propos-de-nous\/postes-vacants\/#breadcrumb"},"inLanguage":"fr-FR","potentialAction":[{"@type":"ReadAction","target":["https:\/\/www.wuerthleasing.ch\/fr\/a-propos-de-nous\/postes-vacants\/"]}]},{"@type":"ImageObject","inLanguage":"fr-FR","@id":"https:\/\/www.wuerthleasing.ch\/fr\/a-propos-de-nous\/postes-vacants\/#primaryimage","url":"https:\/\/www.wuerthleasing.ch\/wp-content\/uploads\/2026\/02\/wuerth-leasing-office-zuerich.webp","contentUrl":"https:\/\/www.wuerthleasing.ch\/wp-content\/uploads\/2026\/02\/wuerth-leasing-office-zuerich.webp"},{"@type":"BreadcrumbList","@id":"https:\/\/www.wuerthleasing.ch\/fr\/a-propos-de-nous\/postes-vacants\/#breadcrumb","itemListElement":[{"@type":"ListItem","position":1,"name":"Home","item":"https:\/\/www.wuerthleasing.ch\/fr\/"},{"@type":"ListItem","position":2,"name":"\u00c0 propos de nous","item":"https:\/\/www.wuerthleasing.ch\/fr\/ueber-uns\/"},{"@type":"ListItem","position":3,"name":"Postes vacants"}]},{"@type":"WebSite","@id":"https:\/\/www.wuerthleasing.ch\/fr\/#website","url":"https:\/\/www.wuerthleasing.ch\/fr\/","name":"W\u00fcrth Leasing","description":"","publisher":{"@id":"https:\/\/www.wuerthleasing.ch\/fr\/#organization"},"potentialAction":[{"@type":"SearchAction","target":{"@type":"EntryPoint","urlTemplate":"https:\/\/www.wuerthleasing.ch\/fr\/?s={search_term_string}"},"query-input":{"@type":"PropertyValueSpecification","valueRequired":true,"valueName":"search_term_string"}}],"inLanguage":"fr-FR"},{"@type":"Organization","@id":"https:\/\/www.wuerthleasing.ch\/fr\/#organization","name":"W\u00fcrth Leasing","url":"https:\/\/www.wuerthleasing.ch\/fr\/","logo":{"@type":"ImageObject","inLanguage":"fr-FR","@id":"https:\/\/www.wuerthleasing.ch\/fr\/#\/schema\/logo\/image\/","url":"https:\/\/www.wuerthleasing.ch\/wp-content\/uploads\/2026\/03\/wuerth-leasing-logo.png","contentUrl":"https:\/\/www.wuerthleasing.ch\/wp-content\/uploads\/2026\/03\/wuerth-leasing-logo.png","width":598,"height":63,"caption":"W\u00fcrth Leasing"},"image":{"@id":"https:\/\/www.wuerthleasing.ch\/fr\/#\/schema\/logo\/image\/"},"sameAs":["https:\/\/linkedin.com\/company\/wrth-leasing-ag"]}]}},"_links":{"self":[{"href":"https:\/\/www.wuerthleasing.ch\/fr\/wp-json\/wp\/v2\/pages\/1300","targetHints":{"allow":["GET"]}}],"collection":[{"href":"https:\/\/www.wuerthleasing.ch\/fr\/wp-json\/wp\/v2\/pages"}],"about":[{"href":"https:\/\/www.wuerthleasing.ch\/fr\/wp-json\/wp\/v2\/types\/page"}],"author":[{"embeddable":true,"href":"https:\/\/www.wuerthleasing.ch\/fr\/wp-json\/wp\/v2\/users\/1"}],"replies":[{"embeddable":true,"href":"https:\/\/www.wuerthleasing.ch\/fr\/wp-json\/wp\/v2\/comments?post=1300"}],"version-history":[{"count":5,"href":"https:\/\/www.wuerthleasing.ch\/fr\/wp-json\/wp\/v2\/pages\/1300\/revisions"}],"predecessor-version":[{"id":1947,"href":"https:\/\/www.wuerthleasing.ch\/fr\/wp-json\/wp\/v2\/pages\/1300\/revisions\/1947"}],"up":[{"embeddable":true,"href":"https:\/\/www.wuerthleasing.ch\/fr\/wp-json\/wp\/v2\/pages\/1315"}],"wp:attachment":[{"href":"https:\/\/www.wuerthleasing.ch\/fr\/wp-json\/wp\/v2\/media?parent=1300"}],"curies":[{"name":"wp","href":"https:\/\/api.w.org\/{rel}","templated":true}]}}